{"id":507,"date":"2023-08-02T22:12:20","date_gmt":"2023-08-02T20:12:20","guid":{"rendered":"https:\/\/weekop.dominicains.com\/?page_id=507"},"modified":"2025-08-06T11:51:51","modified_gmt":"2025-08-06T09:51:51","slug":"offices","status":"publish","type":"page","link":"https:\/\/weekop.dominicains.com\/index.php\/accueil\/prier\/offices\/","title":{"rendered":"Offices"},"content":{"rendered":"\n<p>Au fondement de la vie religieuse se trouve la pri\u00e8re.<br>Au fondement de la vie religieuse communautaire se trouve la pri\u00e8re liturgique : pri\u00e8re de l\u2019\u00c9glise, pri\u00e8re du Christ total, t\u00eate et membre.<\/p>\n\n\n\n<p>La liturgie marque les heures de la journ\u00e9e, depuis les Laudes (louange) et les V\u00eapres (offrande et supplication), en passant par la messe \u00e0 midi, \u00ab\u00a0source et sommet de toute la vie chr\u00e9tienne\u00a0\u00bb, jusqu&rsquo;aux Complies o\u00f9 l&rsquo;on remet \u00ab\u00a0entre tes mains, Seigneur\u00a0\u00bb, la journ\u00e9e et toute sa vie.<\/p>\n\n\n\n<p>Vous trouverez ici les psaumes et lectures des offices.<\/p>\n\n\n\n<p>Les offices ont lieu dans l&rsquo;\u00e9glise Notre-Dame-des-Passes<a href=\"https:\/\/goo.gl\/maps\/cz9d15TEbXPP2Ba67\">\u27bd<\/a><\/p>\n\n\n\n<h2 class=\"wp-block-heading has-text-align-center has-luminous-vivid-amber-to-luminous-vivid-orange-gradient-background has-background\">9h Laudes<\/h2>\n\n\n\n<p class=\"has-text-align-center\"><a href=\"https:\/\/www.aelf.org\/2025-08-08\/romain\/laudes\" target=\"_blank\" rel=\"noreferrer noopener\">Vendredi 8 ao\u00fbt<\/a><\/p>\n\n\n\n<p class=\"has-text-align-center\"><a href=\"https:\/\/www.aelf.org\/2025-08-09\/romain\/laudes\" target=\"_blank\" rel=\"noreferrer noopener\">Samedi 9 ao\u00fbt<\/a><\/p>\n\n\n\n<p class=\"has-text-align-center\"><a href=\"https:\/\/www.aelf.org\/2025-08-10\/romain\/laudes\" target=\"_blank\" rel=\"noreferrer noopener\">Dimanche 10 ao\u00fbt<\/a><\/p>\n\n\n\n<p class=\"has-text-align-center\"><a href=\"https:\/\/www.aelf.org\/2025-08-11\/romain\/laudes\" target=\"_blank\" rel=\"noreferrer noopener\">Lundi 11 ao\u00fbt<\/a><\/p>\n\n\n\n<p class=\"has-text-align-center\"><a href=\"https:\/\/www.aelf.org\/2025-08-12\/romain\/laudes\" target=\"_blank\" rel=\"noreferrer noopener\">Mardi 12 ao\u00fbt<\/a><\/p>\n\n\n\n<p class=\"has-text-align-center\"><a href=\"https:\/\/www.aelf.org\/2025-08-13\/romain\/laudes\" target=\"_blank\" rel=\"noreferrer noopener\">Mercredi 13 ao\u00fbt<\/a><\/p>\n\n\n\n<p class=\"has-text-align-center\"><a href=\"https:\/\/www.aelf.org\/2025-08-14\/romain\/laudes\" target=\"_blank\" rel=\"noreferrer noopener\">Jeudi 14 ao\u00fbt<\/a><\/p>\n\n\n\n<p class=\"has-text-align-center\"><a href=\"https:\/\/www.aelf.org\/2025-08-15\/romain\/laudes\" target=\"_blank\" rel=\"noreferrer noopener\">Vendredi 15 ao\u00fbt<\/a><\/p>\n\n\n\n<h2 class=\"wp-block-heading has-text-align-center has-luminous-vivid-amber-to-luminous-vivid-orange-gradient-background has-background\">19h V\u00eapres<\/h2>\n\n\n\n<p class=\"has-text-align-center\"><a href=\"https:\/\/www.aelf.org\/2025-08-08\/romain\/vepres\" target=\"_blank\" rel=\"noreferrer noopener\">Vendredi 8 ao\u00fbt<\/a><\/p>\n\n\n\n<p class=\"has-text-align-center\"><a href=\"https:\/\/www.aelf.org\/2025-08-09\/romain\/vepres\" target=\"_blank\" rel=\"noreferrer noopener\">Samedi 9 ao\u00fbt<\/a><\/p>\n\n\n\n<p class=\"has-text-align-center\"><a href=\"https:\/\/www.aelf.org\/2025-08-10\/romain\/vepres\" target=\"_blank\" rel=\"noreferrer noopener\">Dimanche 10 ao\u00fbt<\/a><\/p>\n\n\n\n<p class=\"has-text-align-center\"><a href=\"https:\/\/www.aelf.org\/2025-08-11\/romain\/vepres\" target=\"_blank\" rel=\"noreferrer noopener\">Lundi 11 ao\u00fbt<\/a><\/p>\n\n\n\n<p class=\"has-text-align-center\"><a href=\"https:\/\/www.aelf.org\/2025-08-12\/romain\/vepres\" target=\"_blank\" rel=\"noreferrer noopener\">Mardi 12 ao\u00fbt<\/a><\/p>\n\n\n\n<p class=\"has-text-align-center\"><a href=\"https:\/\/www.aelf.org\/2025-08-13\/romain\/vepres\" target=\"_blank\" rel=\"noreferrer noopener\">Mercredi 13 ao\u00fbt<\/a><\/p>\n\n\n\n<p class=\"has-text-align-center\"><a href=\"https:\/\/www.aelf.org\/2025-08-14\/romain\/vepres\" target=\"_blank\" rel=\"noreferrer noopener\">Jeudi 14 ao\u00fbt<\/a><\/p>\n\n\n\n<p class=\"has-text-align-center\"><a href=\"https:\/\/www.aelf.org\/2025-08-15\/romain\/vepres\" target=\"_blank\" rel=\"noreferrer noopener\">Vendredi 15 ao\u00fbt<\/a><\/p>\n\n\n\n<h2 class=\"wp-block-heading has-text-align-center has-luminous-vivid-amber-to-luminous-vivid-orange-gradient-background has-background\">23h30 Complies<\/h2>\n\n\n\n<p class=\"has-text-align-center\"><a href=\"https:\/\/www.aelf.org\/2025-08-08\/romain\/complies\" target=\"_blank\" rel=\"noreferrer noopener\">Vendredi 8 ao\u00fbt<\/a><\/p>\n\n\n\n<p class=\"has-text-align-center\"><a href=\"https:\/\/www.aelf.org\/2025-08-09\/romain\/complies\" target=\"_blank\" rel=\"noreferrer noopener\">Samedi 9 ao\u00fbt<\/a><\/p>\n\n\n\n<p class=\"has-text-align-center\"><a href=\"https:\/\/www.aelf.org\/2025-08-10\/romain\/complies\" target=\"_blank\" rel=\"noreferrer noopener\">Dimanche 10 ao\u00fbt<\/a><\/p>\n\n\n\n<p class=\"has-text-align-center\"><a href=\"https:\/\/www.aelf.org\/2025-08-11\/romain\/complies\" target=\"_blank\" rel=\"noreferrer noopener\">Lundi 11 ao\u00fbt<\/a><\/p>\n\n\n\n<p class=\"has-text-align-center\"><a href=\"https:\/\/www.aelf.org\/2025-08-12\/romain\/complies\" target=\"_blank\" rel=\"noreferrer noopener\">Mardi 12 ao\u00fbt<\/a><\/p>\n\n\n\n<p class=\"has-text-align-center\"><a href=\"https:\/\/www.aelf.org\/2025-08-13\/romain\/complies\" target=\"_blank\" rel=\"noreferrer noopener\">Mercredi 13 ao\u00fbt<\/a><\/p>\n\n\n\n<p class=\"has-text-align-center\"><a href=\"https:\/\/www.aelf.org\/2025-08-14\/romain\/complies\" target=\"_blank\" rel=\"noreferrer noopener\">Jeudi 14 ao\u00fbt<\/a><\/p>\n\n\n\n<p class=\"has-text-align-center\"><a href=\"https:\/\/www.aelf.org\/2025-08-15\/romain\/complies\" target=\"_blank\" rel=\"noreferrer noopener\">Vendredi 15 ao\u00fbt<\/a><\/p>\n","protected":false},"excerpt":{"rendered":"<p>Au fondement de la vie religieuse se trouve la pri\u00e8re.Au fondement de la vie religieuse communautaire se trouve la pri\u00e8re liturgique : pri\u00e8re de l\u2019\u00c9glise, pri\u00e8re du Christ total, t\u00eate et membre. La liturgie marque les heures de la journ\u00e9e, depuis les Laudes (louange) et les V\u00eapres (offrande et supplication), en passant par la messe &hellip; <a href=\"https:\/\/weekop.dominicains.com\/index.php\/accueil\/prier\/offices\/\" class=\"more-link\">Continuer la lecture<span class=\"screen-reader-text\"> de &laquo;&nbsp;Offices&nbsp;&raquo;<\/span><\/a><\/p>\n","protected":false},"author":1,"featured_media":0,"parent":497,"menu_order":0,"comment_status":"closed","ping_status":"closed","template":"","meta":{"footnotes":""},"class_list":["post-507","page","type-page","status-publish","hentry"],"_links":{"self":[{"href":"https:\/\/weekop.dominicains.com\/index.php\/wp-json\/wp\/v2\/pages\/507","targetHints":{"allow":["GET"]}}],"collection":[{"href":"https:\/\/weekop.dominicains.com\/index.php\/wp-json\/wp\/v2\/pages"}],"about":[{"href":"https:\/\/weekop.dominicains.com\/index.php\/wp-json\/wp\/v2\/types\/page"}],"author":[{"embeddable":true,"href":"https:\/\/weekop.dominicains.com\/index.php\/wp-json\/wp\/v2\/users\/1"}],"replies":[{"embeddable":true,"href":"https:\/\/weekop.dominicains.com\/index.php\/wp-json\/wp\/v2\/comments?post=507"}],"version-history":[{"count":19,"href":"https:\/\/weekop.dominicains.com\/index.php\/wp-json\/wp\/v2\/pages\/507\/revisions"}],"predecessor-version":[{"id":1632,"href":"https:\/\/weekop.dominicains.com\/index.php\/wp-json\/wp\/v2\/pages\/507\/revisions\/1632"}],"up":[{"embeddable":true,"href":"https:\/\/weekop.dominicains.com\/index.php\/wp-json\/wp\/v2\/pages\/497"}],"wp:attachment":[{"href":"https:\/\/weekop.dominicains.com\/index.php\/wp-json\/wp\/v2\/media?parent=507"}],"curies":[{"name":"wp","href":"https:\/\/api.w.org\/{rel}","templated":true}]}}