{"id":570,"date":"2023-08-03T08:57:12","date_gmt":"2023-08-03T06:57:12","guid":{"rendered":"https:\/\/weekop.dominicains.com\/?page_id=570"},"modified":"2025-08-06T10:45:24","modified_gmt":"2025-08-06T08:45:24","slug":"confessions","status":"publish","type":"page","link":"https:\/\/weekop.dominicains.com\/index.php\/accueil\/prier\/confessions\/","title":{"rendered":"Confessions"},"content":{"rendered":"\n<p>La confession est un acte de p\u00e9nitence consistant \u00e0 reconna\u00eetre ses p\u00e9ch\u00e9s devant Dieu, par l&rsquo;interm\u00e9diaire d&rsquo;un pr\u00eatre. C&rsquo;est un rendez-vous avec Dieu qui ne condamne pas, mais nous offre son Pardon pour nous laver de nos p\u00e9ch\u00e9s.<\/p>\n\n\n\n<h3 class=\"wp-block-heading has-text-align-center has-white-color has-text-color has-background has-link-color wp-elements-bbf3ded9a1d1aec31f9bc68be0191ca7\" style=\"background-color:#d9121f\">Quelques questions \u00e0 se poser pour se pr\u00e9parer \u00e0 la confession (pape Fran\u00e7ois) :<\/h3>\n\n\n\n<ul class=\"wp-block-list\">\n<li>Est-ce que je ne me tourne vers Dieu que quand j&rsquo;ai besoin de lui ?<\/li>\n\n\n\n<li>Est-ce que je vais \u00e0 la messe le dimanche et pour les grandes f\u00eates ?<\/li>\n\n\n\n<li>Est-ce que je commence ma journ\u00e9e par une pri\u00e8re ?<\/li>\n\n\n\n<li>Est-ce que j&rsquo;ai honte de montrer que je suis chr\u00e9tien ?<\/li>\n\n\n\n<li>Est-ce que je me r\u00e9volte parfois contre la volont\u00e9 de Dieu ?<\/li>\n\n\n\n<li>Est-ce que je suis jaloux, col\u00e9rique ou partial ?<\/li>\n\n\n\n<li>Est-ce que je suis honn\u00eate et juste avec les autres ?<\/li>\n\n\n\n<li>Est-ce que j&rsquo;alimente la \u00ab culture du d\u00e9chet \u00bb ?<\/li>\n\n\n\n<li>Dans mon couple et ma famille, est-ce que j&rsquo;applique l&rsquo;enseignement des \u00e9vangiles ?<\/li>\n\n\n\n<li>Est-ce que j&rsquo;honore et respecte mes parents ?<\/li>\n\n\n\n<li>Est-ce que j&rsquo;ai rejet\u00e9 la vie \u00e0 na\u00eetre ? Ai-je \u00e9cart\u00e9 le don de la vie ? Ai-je aid\u00e9 ?<\/li>\n\n\n\n<li>quelqu&rsquo;un \u00e0 le faire ?<\/li>\n\n\n\n<li>Est-ce que je respecte l&rsquo;environnement ?<\/li>\n\n\n\n<li>Est-ce que je suis tant\u00f4t mondain, tant\u00f4t croyant ?<\/li>\n\n\n\n<li>Est-ce que j&rsquo;abuse de la nourriture, de l&rsquo;alcool, de la cigarette ou d&rsquo;autres<\/li>\n\n\n\n<li>divertissements ?<\/li>\n\n\n\n<li>Ne suis-je pas trop pr\u00e9occup\u00e9 par mon bien-\u00eatre physique et les biens que<\/li>\n\n\n\n<li>je poss\u00e8de ?<\/li>\n\n\n\n<li>Comment est-ce que j&rsquo;utilise mon temps ? Suis-je paresseux ?<\/li>\n\n\n\n<li>Est-ce que je cherche \u00e0 \u00eatre servi ?<\/li>\n\n\n\n<li>Est-ce que j&rsquo;ai des d\u00e9sirs de revanche ? Est-ce que je garde des rancunes ?<\/li>\n\n\n\n<li>Suis-je doux, humble et b\u00e2tisseur de paix ?<\/li>\n<\/ul>\n\n\n\n<h3 class=\"wp-block-heading has-text-align-center has-white-color has-text-color has-background has-link-color wp-elements-06c782e26dc73c07499d14787dde2571\" style=\"background-color:#d9121f\">Comment se d\u00e9roule la confession ?<\/h3>\n\n\n\n<ul class=\"wp-block-list\">\n<li><em>\u00ab&nbsp;B\u00e9nissez-moi, mon p\u00e8re, parce que j\u2019ai p\u00e9ch\u00e9.&nbsp;\u00bb<\/em><\/li>\n\n\n\n<li><em>\u00ab&nbsp;Il y a (tant de temps) que je ne me suis pas confess\u00e9. Depuis, voici les p\u00e9ch\u00e9s que j\u2019ai commis : envers Dieu\u2026 envers mon prochain\u2026 envers moi-m\u00eame\u2026&nbsp;\u00bb<\/em><\/li>\n\n\n\n<li><em>\u00ab&nbsp;J\u2019en demande pardon \u00e0 Dieu, et \u00e0 vous mon p\u00e8re p\u00e9nitence et absolution.&nbsp;\u00bb<\/em><\/li>\n\n\n\n<li>Le pr\u00eatre peut ensuite poser des question lui semblant utiles ; il donne quelques conseils adapt\u00e9s pour commencer une&nbsp; vie nouvelle.&nbsp;<\/li>\n\n\n\n<li>Le pr\u00eatre donne une p\u00e9nitence pour renouveler notre vie et comme rem\u00e8de \u00e0 notre faiblesse.<\/li>\n\n\n\n<li><em>\u00ab&nbsp;Mon Dieu, j\u2019ai un tr\u00e8s grand regret de vous avoir offens\u00e9 parce que vous \u00eates infiniment bon, infiniment aimable, et que le p\u00e9ch\u00e9 vous d\u00e9pla\u00eet. Je prends la ferme r\u00e9solution, avec le secours de votre sainte gr\u00e2ce de ne plus vous offenser et de faire p\u00e9nitence.&nbsp;\u00bb<\/em> &#8211; Acte de contrition<\/li>\n\n\n\n<li>Apr\u00e8s avoir prononc\u00e9 notre acte de contrition, il nous pardonne en nous donnant l\u2019absolution et nous invite \u00e0 repartir dans la paix.<\/li>\n<\/ul>\n\n\n\n<h3 class=\"wp-block-heading has-text-align-center has-white-color has-text-color has-background has-link-color wp-elements-01e01090d8b17a29c48be41cc41d6870\" style=\"background-color:#d9121f\">O\u00f9 et quand ?<\/h3>\n\n\n\n<p>Les pr\u00eatres dominicains sont disponibles 24h\/24 et 7j\/7 pour recevoir en confession. Vous les trouverez principalement \u00e0 l&rsquo;\u00e9glise Notre-Dame-des-Passes<a href=\"https:\/\/goo.gl\/maps\/cz9d15TEbXPP2Ba67\">\u27bd<\/a> mais aussi \u00e0 la plage ou au Cap Ferret.<\/p>\n\n\n\n<h3 class=\"wp-block-heading has-text-align-center has-white-color has-text-color has-background has-link-color wp-elements-b2eb30cbcd63b6e5786f8813b77bd44d\" style=\"background-color:#d9121f\">Soir\u00e9es sp\u00e9ciale :<\/h3>\n\n\n\n<h4 class=\"wp-block-heading\">Mardi 12 ao\u00fbt<\/h4>\n\n\n\n<div class=\"wp-block-columns are-vertically-aligned-center is-not-stacked-on-mobile is-layout-flex wp-container-core-columns-is-layout-9d6595d7 wp-block-columns-is-layout-flex\">\n<div class=\"wp-block-column is-vertically-aligned-center is-layout-flow wp-block-column-is-layout-flow\" style=\"flex-basis:25%\">\n<p class=\"has-text-align-center\">21h<\/p>\n<\/div>\n\n\n\n<div class=\"wp-block-column is-vertically-aligned-center is-layout-flow wp-block-column-is-layout-flow\" style=\"flex-basis:75%\">\n<p>Soir\u00e9e Mis\u00e9ricorde (adoration &amp; confessions)<br>\u00c9glise Notre-Dame-des-Passes (Moulleau) <a href=\"https:\/\/goo.gl\/maps\/cz9d15TEbXPP2Ba67\">\u27bd<\/a><\/p>\n<\/div>\n<\/div>\n\n\n\n<h4 class=\"wp-block-heading\">Mercredi 13 ao\u00fbt<\/h4>\n\n\n\n<div class=\"wp-block-columns are-vertically-aligned-center is-not-stacked-on-mobile is-layout-flex wp-container-core-columns-is-layout-9d6595d7 wp-block-columns-is-layout-flex\">\n<div class=\"wp-block-column is-vertically-aligned-center is-layout-flow wp-block-column-is-layout-flow\" style=\"flex-basis:25%\">\n<p class=\"has-text-align-center\">21h<\/p>\n<\/div>\n\n\n\n<div class=\"wp-block-column is-vertically-aligned-center is-layout-flow wp-block-column-is-layout-flow\" style=\"flex-basis:75%\">\n<p>Soir\u00e9e Mis\u00e9ricorde (adoration &amp; confessions)<br>\u00c9glise Notre-Dame-des-Flots (Cap Ferret) <a href=\"https:\/\/maps.app.goo.gl\/eRRsW79tRi2eTqBbA\">\u27bd<\/a><\/p>\n<\/div>\n<\/div>\n","protected":false},"excerpt":{"rendered":"<p>La confession est un acte de p\u00e9nitence consistant \u00e0 reconna\u00eetre ses p\u00e9ch\u00e9s devant Dieu, par l&rsquo;interm\u00e9diaire d&rsquo;un pr\u00eatre. C&rsquo;est un rendez-vous avec Dieu qui ne condamne pas, mais nous offre son Pardon pour nous laver de nos p\u00e9ch\u00e9s. Quelques questions \u00e0 se poser pour se pr\u00e9parer \u00e0 la confession (pape Fran\u00e7ois) : Comment se d\u00e9roule &hellip; <a href=\"https:\/\/weekop.dominicains.com\/index.php\/accueil\/prier\/confessions\/\" class=\"more-link\">Continuer la lecture<span class=\"screen-reader-text\"> de &laquo;&nbsp;Confessions&nbsp;&raquo;<\/span><\/a><\/p>\n","protected":false},"author":1,"featured_media":0,"parent":497,"menu_order":0,"comment_status":"closed","ping_status":"closed","template":"","meta":{"footnotes":""},"class_list":["post-570","page","type-page","status-publish","hentry"],"_links":{"self":[{"href":"https:\/\/weekop.dominicains.com\/index.php\/wp-json\/wp\/v2\/pages\/570","targetHints":{"allow":["GET"]}}],"collection":[{"href":"https:\/\/weekop.dominicains.com\/index.php\/wp-json\/wp\/v2\/pages"}],"about":[{"href":"https:\/\/weekop.dominicains.com\/index.php\/wp-json\/wp\/v2\/types\/page"}],"author":[{"embeddable":true,"href":"https:\/\/weekop.dominicains.com\/index.php\/wp-json\/wp\/v2\/users\/1"}],"replies":[{"embeddable":true,"href":"https:\/\/weekop.dominicains.com\/index.php\/wp-json\/wp\/v2\/comments?post=570"}],"version-history":[{"count":14,"href":"https:\/\/weekop.dominicains.com\/index.php\/wp-json\/wp\/v2\/pages\/570\/revisions"}],"predecessor-version":[{"id":1604,"href":"https:\/\/weekop.dominicains.com\/index.php\/wp-json\/wp\/v2\/pages\/570\/revisions\/1604"}],"up":[{"embeddable":true,"href":"https:\/\/weekop.dominicains.com\/index.php\/wp-json\/wp\/v2\/pages\/497"}],"wp:attachment":[{"href":"https:\/\/weekop.dominicains.com\/index.php\/wp-json\/wp\/v2\/media?parent=570"}],"curies":[{"name":"wp","href":"https:\/\/api.w.org\/{rel}","templated":true}]}}