{"id":890,"date":"2023-08-09T13:14:03","date_gmt":"2023-08-09T11:14:03","guid":{"rendered":"https:\/\/weekop.dominicains.com\/?page_id=890"},"modified":"2025-08-06T12:05:11","modified_gmt":"2025-08-06T10:05:11","slug":"les-dominicains","status":"publish","type":"page","link":"https:\/\/weekop.dominicains.com\/index.php\/accueil\/qui-sommes-nous\/les-dominicains\/","title":{"rendered":"Les Dominicains"},"content":{"rendered":"\n<figure class=\"wp-block-image size-large\"><img loading=\"lazy\" decoding=\"async\" width=\"1024\" height=\"666\" src=\"https:\/\/weekop.dominicains.com\/wp-content\/uploads\/2019\/08\/9mani\u00e8res9-1024x666.jpeg\" alt=\"\" class=\"wp-image-182\" srcset=\"https:\/\/weekop.dominicains.com\/wp-content\/uploads\/2019\/08\/9mani\u00e8res9-1024x666.jpeg 1024w, https:\/\/weekop.dominicains.com\/wp-content\/uploads\/2019\/08\/9mani\u00e8res9-300x195.jpeg 300w, https:\/\/weekop.dominicains.com\/wp-content\/uploads\/2019\/08\/9mani\u00e8res9-768x499.jpeg 768w, https:\/\/weekop.dominicains.com\/wp-content\/uploads\/2019\/08\/9mani\u00e8res9-1200x780.jpeg 1200w, https:\/\/weekop.dominicains.com\/wp-content\/uploads\/2019\/08\/9mani\u00e8res9.jpeg 1417w\" sizes=\"auto, (max-width: 709px) 85vw, (max-width: 909px) 67vw, (max-width: 1362px) 62vw, 840px\" \/><\/figure>\n\n\n\n<p class=\"has-drop-cap has-white-color has-text-color has-background has-link-color wp-elements-64b29e6b981cc053a028109566b4cd12\" style=\"background-color:#153f6a\">La vocation des fr\u00e8res pr\u00eacheurs \u2013 autrement dits dominicains \u2013 est d\u2019annoncer la Parole de Dieu. Toute leur vie est centr\u00e9e sur cette parole divine. Ils la vivent, ils la c\u00e9l\u00e8brent, ils l\u2019\u00e9tudient, ils l\u2019annoncent. Comme leur p\u00e8re saint Dominique les dominicains ont \u00e0 c\u0153ur \u2013 autant que faire se peut \u2013 de ne parler que <strong>de Dieu<\/strong> et <strong>\u00e0 Dieu<\/strong>.<\/p>\n\n\n\n<h3 class=\"wp-block-heading has-text-align-center\">Parler de Dieu<\/h3>\n\n\n\n<p>Parler de Dieu, c\u2019est transmettre ce qu\u2019il nous a r\u00e9v\u00e9l\u00e9, c\u2019est la vocation des pr\u00eacheurs que sont les dominicains.<\/p>\n\n\n\n<h3 class=\"wp-block-heading has-text-align-center\">Parler \u00e0 Dieu<\/h3>\n\n\n\n<p>Parler \u00e0 Dieu c\u2019est entrer dans un dialogue. Dieu en premier nous a parl\u00e9. Il nous convie \u00e0 lui r\u00e9pondre. C\u2019est la pri\u00e8re et la contemplation.<\/p>\n","protected":false},"excerpt":{"rendered":"<p>La vocation des fr\u00e8res pr\u00eacheurs \u2013 autrement dits dominicains \u2013 est d\u2019annoncer la Parole de Dieu. Toute leur vie est centr\u00e9e sur cette parole divine. Ils la vivent, ils la c\u00e9l\u00e8brent, ils l\u2019\u00e9tudient, ils l\u2019annoncent. Comme leur p\u00e8re saint Dominique les dominicains ont \u00e0 c\u0153ur \u2013 autant que faire se peut \u2013 de ne parler &hellip; <a href=\"https:\/\/weekop.dominicains.com\/index.php\/accueil\/qui-sommes-nous\/les-dominicains\/\" class=\"more-link\">Continuer la lecture<span class=\"screen-reader-text\"> de &laquo;&nbsp;Les Dominicains&nbsp;&raquo;<\/span><\/a><\/p>\n","protected":false},"author":1,"featured_media":0,"parent":141,"menu_order":0,"comment_status":"closed","ping_status":"closed","template":"","meta":{"footnotes":""},"class_list":["post-890","page","type-page","status-publish","hentry"],"_links":{"self":[{"href":"https:\/\/weekop.dominicains.com\/index.php\/wp-json\/wp\/v2\/pages\/890","targetHints":{"allow":["GET"]}}],"collection":[{"href":"https:\/\/weekop.dominicains.com\/index.php\/wp-json\/wp\/v2\/pages"}],"about":[{"href":"https:\/\/weekop.dominicains.com\/index.php\/wp-json\/wp\/v2\/types\/page"}],"author":[{"embeddable":true,"href":"https:\/\/weekop.dominicains.com\/index.php\/wp-json\/wp\/v2\/users\/1"}],"replies":[{"embeddable":true,"href":"https:\/\/weekop.dominicains.com\/index.php\/wp-json\/wp\/v2\/comments?post=890"}],"version-history":[{"count":7,"href":"https:\/\/weekop.dominicains.com\/index.php\/wp-json\/wp\/v2\/pages\/890\/revisions"}],"predecessor-version":[{"id":1647,"href":"https:\/\/weekop.dominicains.com\/index.php\/wp-json\/wp\/v2\/pages\/890\/revisions\/1647"}],"up":[{"embeddable":true,"href":"https:\/\/weekop.dominicains.com\/index.php\/wp-json\/wp\/v2\/pages\/141"}],"wp:attachment":[{"href":"https:\/\/weekop.dominicains.com\/index.php\/wp-json\/wp\/v2\/media?parent=890"}],"curies":[{"name":"wp","href":"https:\/\/api.w.org\/{rel}","templated":true}]}}