{"id":97,"date":"2019-08-01T14:37:52","date_gmt":"2019-08-01T12:37:52","guid":{"rendered":"http:\/\/weekop.dominicains.com\/?page_id=97"},"modified":"2025-08-06T10:01:57","modified_gmt":"2025-08-06T08:01:57","slug":"retraite-spirituelle","status":"publish","type":"page","link":"https:\/\/weekop.dominicains.com\/index.php\/accueil\/se-former\/retraite-spirituelle\/","title":{"rendered":"Retraite spirituelle"},"content":{"rendered":"\n<p>Les conf\u00e9rences spirituelles ont lieu \u00e0 10h15 sur le parvis de l&rsquo;\u00e9glise Notre-Dame-des-Passes <a href=\"https:\/\/goo.gl\/maps\/cz9d15TEbXPP2Ba67\">\u27bd<\/a><\/p>\n\n\n\n<h2 class=\"wp-block-heading has-text-align-center has-text-color has-link-color wp-elements-0a2d6e97b2ed5710c83757fc61de4dc6\" style=\"color:#ffbb30\">Marie, un \u00ab\u00a0ma\u00eetre spirituel\u00a0\u00bb hors paire<\/h2>\n\n\n\n<p class=\"has-text-align-right\">&#8211; <em>par fr\u00e8re Antoine-Marie o.p.<\/em><\/p>\n\n\n\n<h3 class=\"wp-block-heading has-text-align-center has-luminous-vivid-amber-to-luminous-vivid-orange-gradient-background has-background\">Samedi 9 ao\u00fbt<\/h3>\n\n\n\n<blockquote class=\"wp-block-quote is-layout-flow wp-block-quote-is-layout-flow\">\n<p>Comment Marie a-t-elle assum\u00e9 sa vie ?<\/p>\n<\/blockquote>\n\n\n\n<h3 class=\"wp-block-heading has-text-align-center has-luminous-vivid-amber-to-luminous-vivid-orange-gradient-background has-background\">Lundi 11 ao\u00fbt<\/h3>\n\n\n\n<blockquote class=\"wp-block-quote is-layout-flow wp-block-quote-is-layout-flow\">\n<p>Marie et la joie des commencements<\/p>\n<\/blockquote>\n\n\n\n<h3 class=\"wp-block-heading has-text-align-center has-luminous-vivid-amber-to-luminous-vivid-orange-gradient-background has-background\">Mardi 12 ao\u00fbt<\/h3>\n\n\n\n<blockquote class=\"wp-block-quote is-layout-flow wp-block-quote-is-layout-flow\">\n<p>Marie et la vie au quotidien<\/p>\n<\/blockquote>\n\n\n\n<h3 class=\"wp-block-heading has-text-align-center has-luminous-vivid-amber-to-luminous-vivid-orange-gradient-background has-background\">Mercredi 13 ao\u00fbt<\/h3>\n\n\n\n<blockquote class=\"wp-block-quote has-text-align-left is-layout-flow wp-block-quote-is-layout-flow\">\n<p>Marie et la grande \u00e9preuve<\/p>\n<\/blockquote>\n\n\n\n<h3 class=\"wp-block-heading has-text-align-center has-luminous-vivid-amber-to-luminous-vivid-orange-gradient-background has-background\">Jeudi 14 ao\u00fbt<\/h3>\n\n\n\n<blockquote class=\"wp-block-quote has-text-align-left is-layout-flow wp-block-quote-is-layout-flow\">\n<p>Marie et la vie bienheureuse<\/p>\n<\/blockquote>\n","protected":false},"excerpt":{"rendered":"<p>Les conf\u00e9rences spirituelles ont lieu \u00e0 10h15 sur le parvis de l&rsquo;\u00e9glise Notre-Dame-des-Passes \u27bd Marie, un \u00ab\u00a0ma\u00eetre spirituel\u00a0\u00bb hors paire &#8211; par fr\u00e8re Antoine-Marie o.p. Samedi 9 ao\u00fbt Comment Marie a-t-elle assum\u00e9 sa vie ? Lundi 11 ao\u00fbt Marie et la joie des commencements Mardi 12 ao\u00fbt Marie et la vie au quotidien Mercredi 13 &hellip; <a href=\"https:\/\/weekop.dominicains.com\/index.php\/accueil\/se-former\/retraite-spirituelle\/\" class=\"more-link\">Continuer la lecture<span class=\"screen-reader-text\"> de &laquo;&nbsp;Retraite spirituelle&nbsp;&raquo;<\/span><\/a><\/p>\n","protected":false},"author":1,"featured_media":0,"parent":450,"menu_order":1,"comment_status":"closed","ping_status":"closed","template":"","meta":{"footnotes":""},"class_list":["post-97","page","type-page","status-publish","hentry"],"_links":{"self":[{"href":"https:\/\/weekop.dominicains.com\/index.php\/wp-json\/wp\/v2\/pages\/97","targetHints":{"allow":["GET"]}}],"collection":[{"href":"https:\/\/weekop.dominicains.com\/index.php\/wp-json\/wp\/v2\/pages"}],"about":[{"href":"https:\/\/weekop.dominicains.com\/index.php\/wp-json\/wp\/v2\/types\/page"}],"author":[{"embeddable":true,"href":"https:\/\/weekop.dominicains.com\/index.php\/wp-json\/wp\/v2\/users\/1"}],"replies":[{"embeddable":true,"href":"https:\/\/weekop.dominicains.com\/index.php\/wp-json\/wp\/v2\/comments?post=97"}],"version-history":[{"count":36,"href":"https:\/\/weekop.dominicains.com\/index.php\/wp-json\/wp\/v2\/pages\/97\/revisions"}],"predecessor-version":[{"id":1592,"href":"https:\/\/weekop.dominicains.com\/index.php\/wp-json\/wp\/v2\/pages\/97\/revisions\/1592"}],"up":[{"embeddable":true,"href":"https:\/\/weekop.dominicains.com\/index.php\/wp-json\/wp\/v2\/pages\/450"}],"wp:attachment":[{"href":"https:\/\/weekop.dominicains.com\/index.php\/wp-json\/wp\/v2\/media?parent=97"}],"curies":[{"name":"wp","href":"https:\/\/api.w.org\/{rel}","templated":true}]}}